{"id":394657,"date":"2026-08-13T10:39:07","date_gmt":"2026-08-13T07:39:07","guid":{"rendered":"https:\/\/www.grandemlak.com\/property\/yesilbayir-terra-iconda-ozel-tasarim-200-m%c2%b2-luks-41\/"},"modified":"2026-08-21T14:54:50","modified_gmt":"2026-08-21T11:54:50","slug":"yesilbayir-terra-iconda-ozel-tasarim-200-m%c2%b2-luks-41","status":"publish","type":"property","link":"https:\/\/www.grandemlak.com\/sv\/property\/yesilbayir-terra-iconda-ozel-tasarim-200-m%c2%b2-luks-41\/","title":{"rendered":"Exklusivt designad lyxig 4+1-bostad p\u00e5 200 m\u00b2 i Terra Icon, Ye\u015filbay\u0131r"},"content":{"rendered":"<p class=\"PDq2pG_selectionAnchorContainer\" data-start=\"12460\" data-end=\"12503\"><strong data-start=\"12465\" data-end=\"12503\">D\u00d6\u015eEMEALTI YE\u015e\u0130LBAYIR | TERRA ICON<\/strong><\/p>\n<p data-start=\"12505\" data-end=\"12581\"><strong data-start=\"12505\" data-end=\"12581\">VILLALKOMFORT I KOMBINATION MED F\u00d6RDELARNA MED ETT MODERNT BOSTADSOMR\u00c5DE<\/strong><\/p>\n<p data-start=\"12583\" data-end=\"12897\">Terra Icon ligger i det exklusiva omr\u00e5det Ye\u015filbay\u0131r i D\u00f6\u015femealt\u0131, Antalya, som k\u00e4nnetecknas av m\u00e5nga villabebyggelser. Med sina gener\u00f6sa bostadsytor, unika arkitektoniska detaljer och omfattande gemensamma faciliteter erbjuder <strong data-start=\"12811\" data-end=\"12825\">Terra Icon<\/strong> en exklusiv livsstil som skiljer sig fr\u00e5n traditionella bostadsprojekt.<\/p>\n<p data-start=\"12899\" data-end=\"13170\">Det exklusiva projektet \u00e4r byggt p\u00e5 en <strong data-start=\"12938\" data-end=\"13034\">6 098 m\u00b2 stor tomt och best\u00e5r endast av 4 byggnader med totalt 24 l\u00e4genheter i 4+1-utf\u00f6rande<\/strong>. Med <strong data-start=\"13040\" data-end=\"13081\">4 099 m\u00b2 privat landskap och gr\u00f6nytor<\/strong> erbjuder omr\u00e5det en l\u00e5g bebyggelset\u00e4thet samt en rymlig, lugn och harmonisk boendemilj\u00f6.<\/p>\n<h3 data-section-id=\"spffx0\" data-start=\"13172\" data-end=\"13202\"><span role=\"text\"><strong data-start=\"13176\" data-end=\"13202\">L\u00c4GENHETENS EGENSKAPER<\/strong><\/span><\/h3>\n<p data-start=\"13204\" data-end=\"13253\"><strong data-start=\"13204\" data-end=\"13253\">4+1 | 200 m\u00b2 brutto | 180 m\u00b2 netto | 4 badrum<\/strong><\/p>\n<p data-start=\"13255\" data-end=\"13438\">Det som framf\u00f6r allt skiljer denna l\u00e4genhet fr\u00e5n andra \u00e4r inte bara den gener\u00f6sa storleken, utan \u00e4ven att interi\u00f6ren har utformats som en helhet med exklusiva arkitektoniska detaljer.<\/p>\n<p data-start=\"13440\" data-end=\"13576\">P\u00e5 m\u00e5nga st\u00e4llen har man ist\u00e4llet f\u00f6r standardl\u00f6sningar valt <strong data-start=\"13501\" data-end=\"13575\">specialtillverkade och individuellt utformade arkitektoniska l\u00f6sningar<\/strong>.<\/p>\n<ul data-start=\"13578\" data-end=\"14108\">\n<li data-section-id=\"79wfzp\" data-start=\"13578\" data-end=\"13612\">Specialdesignade v\u00e4ggbekl\u00e4dnader<\/li>\n<li data-section-id=\"1f79bdi\" data-start=\"13613\" data-end=\"13665\">Specialtillverkade garderober och f\u00f6rvaringssystem<\/li>\n<li data-section-id=\"1osd8c7\" data-start=\"13666\" data-end=\"13713\">Kl\u00e4dkammare och garderober i mattlackerad MDF<\/li>\n<li data-section-id=\"12hoem7\" data-start=\"13714\" data-end=\"13804\">Specialdesignade TV-m\u00f6bler f\u00f6r vardagsrum och s\u00e4llskapsrum, tillverkade av m\u00f6belsnickare<\/li>\n<li data-section-id=\"1ifhnr1\" data-start=\"13805\" data-end=\"13889\">Specialdesignade avdelare i vardagsrummet som \u00f6kar b\u00e5de elegans och funktionalitet<\/li>\n<li data-section-id=\"1d2yt01\" data-start=\"13890\" data-end=\"13952\">Individuella l\u00f6sningar f\u00f6r k\u00f6ksbekl\u00e4dnad, sk\u00e5p och indelning<\/li>\n<li data-section-id=\"194bs18\" data-start=\"13953\" data-end=\"14027\">Gener\u00f6sa f\u00f6rvaringsutrymmen utformade med stora familjers behov i \u00e5tanke<\/li>\n<li data-section-id=\"uls2eg\" data-start=\"14028\" data-end=\"14108\"><strong data-start=\"14030\" data-end=\"14108\">Specialdesignade utrymmen f\u00f6r frys och skafferi p\u00e5 den inglasade balkongen<\/strong><\/li>\n<\/ul>\n<p data-start=\"14110\" data-end=\"14249\">Alla dessa detaljer ger inte bara bostaden ett elegant och exklusivt utseende, utan skapar \u00e4ven en h\u00f6g niv\u00e5 av praktisk komfort i vardagen.<\/p>\n<h3 data-section-id=\"1rn508v\" data-start=\"14251\" data-end=\"14273\"><span role=\"text\"><strong data-start=\"14255\" data-end=\"14273\">H\u00d6GSTA KOMFORT<\/strong><\/span><\/h3>\n<ul data-start=\"14275\" data-end=\"14607\">\n<li data-section-id=\"h342xg\" data-start=\"14275\" data-end=\"14293\">Smart-hem-system<\/li>\n<li data-section-id=\"8d6ki4\" data-start=\"14294\" data-end=\"14323\">Fingeravtrycksbaserad entr\u00e9<\/li>\n<li data-section-id=\"k7enoy\" data-start=\"14324\" data-end=\"14335\">Golvv\u00e4rme<\/li>\n<li data-section-id=\"p9ux2p\" data-start=\"14336\" data-end=\"14363\">Naturgasdriven kombipanna<\/li>\n<li data-section-id=\"1ir1sm\" data-start=\"14364\" data-end=\"14420\">Kraftfullt klimatkontrollsystem och luftkonditionering<\/li>\n<li data-section-id=\"b9si66\" data-start=\"14421\" data-end=\"14450\">Guillotine-inglasad balkong<\/li>\n<li data-section-id=\"1y1ime0\" data-start=\"14451\" data-end=\"14472\">Specialdesignat k\u00f6k<\/li>\n<li data-section-id=\"se5c28\" data-start=\"14473\" data-end=\"14559\">Integrerade vitvaror: spish\u00e4ll, ugn, k\u00f6ksfl\u00e4kt, diskmaskin, mikrov\u00e5gsugn och kylsk\u00e5p<\/li>\n<li data-section-id=\"5f9wcn\" data-start=\"14560\" data-end=\"14607\">Moderna badrum och smarta f\u00f6rvaringsl\u00f6sningar<\/li>\n<\/ul>\n<h3 data-section-id=\"mkuqas\" data-start=\"14609\" data-end=\"14671\"><span role=\"text\"><strong data-start=\"14613\" data-end=\"14671\">VILLALKOMFORT MED BEKV\u00c4MLIGHETEN HOS ETT BOSTADSOMR\u00c5DE<\/strong><\/span><\/h3>\n<p data-start=\"14673\" data-end=\"14951\">En av Terra Icons st\u00f6rsta f\u00f6rdelar \u00e4r att <strong data-start=\"14715\" data-end=\"14951\">du kan njuta av villalivets rymd i D\u00f6\u015femealt\u0131s villaomr\u00e5de samtidigt som du slipper underh\u00e5lls- och driftsansvaret som f\u00f6ljer med en frist\u00e5ende villa, och ist\u00e4llet f\u00e5r tillg\u00e5ng till bekv\u00e4mligheten och tryggheten i ett bostadsomr\u00e5de.<\/strong><\/p>\n<p data-start=\"14953\" data-end=\"14969\">I omr\u00e5det finns:<\/p>\n<ul data-start=\"14971\" data-end=\"15304\">\n<li data-section-id=\"eaqzo9\" data-start=\"14971\" data-end=\"14984\">Utomhuspool<\/li>\n<li data-section-id=\"16y3ql5\" data-start=\"14985\" data-end=\"14992\">Bastu<\/li>\n<li data-section-id=\"mu8now\" data-start=\"14993\" data-end=\"15003\">Lekplats<\/li>\n<li data-section-id=\"1tt9lo8\" data-start=\"15004\" data-end=\"15017\">Idrottsplan<\/li>\n<li data-section-id=\"ogzqvv\" data-start=\"15018\" data-end=\"15035\">T\u00e4ckt parkering<\/li>\n<li data-section-id=\"qvsh11\" data-start=\"15036\" data-end=\"15084\">Privat landskapsarkitektur och promenadomr\u00e5den<\/li>\n<li data-section-id=\"1aped8u\" data-start=\"15085\" data-end=\"15115\">Pergolor och avkopplingsytor<\/li>\n<li data-section-id=\"znwj0c\" data-start=\"15116\" data-end=\"15159\">24-timmars s\u00e4kerhet och kamera\u00f6vervakning<\/li>\n<li data-section-id=\"1semlgn\" data-start=\"15160\" data-end=\"15202\">Generator som t\u00e4cker samtliga l\u00e4genheter<\/li>\n<li data-section-id=\"en38td\" data-start=\"15203\" data-end=\"15228\">Vattenavh\u00e4rdningssystem<\/li>\n<li data-section-id=\"96ozta\" data-start=\"15229\" data-end=\"15249\">Helautomatisk hiss<\/li>\n<li data-section-id=\"1cjv7aq\" data-start=\"15250\" data-end=\"15281\">Automatiskt bevattningssystem<\/li>\n<li data-section-id=\"15bhiyf\" data-start=\"15282\" data-end=\"15304\">Brands\u00e4kerhetssystem<\/li>\n<\/ul>\n<p data-start=\"15306\" data-end=\"15507\">Tack vare de v\u00e4lplanerade gemensamma ytorna <strong data-start=\"15350\" data-end=\"15507\">kombinerar Terra Icon lyxen i ett villaliv med tryggheten och bekv\u00e4mligheten i ett bostadsomr\u00e5de, samtidigt som gemensamma kostnader blir mer hanterbara.<\/strong><\/p>\n<h3 data-section-id=\"1xlr8gz\" data-start=\"15509\" data-end=\"15530\"><span role=\"text\"><strong data-start=\"15513\" data-end=\"15530\">L\u00c4GESF\u00d6RDELAR<\/strong><\/span><\/h3>\n<ul data-start=\"15532\" data-end=\"15764\">\n<li data-section-id=\"tg2fvx\" data-start=\"15532\" data-end=\"15551\">D\u00fczler\u00e7am\u0131 \u2013 3 km<\/li>\n<li data-section-id=\"1pbpi72\" data-start=\"15552\" data-end=\"15581\">Bah\u00e7e\u015fehir College \u2013 3,7 km<\/li>\n<li data-section-id=\"1aeqk0k\" data-start=\"15582\" data-end=\"15608\">Termessos sjukhus \u2013 7 km<\/li>\n<li data-section-id=\"flgxim\" data-start=\"15609\" data-end=\"15638\">Erasta k\u00f6pcentrum \u2013 10,5 km<\/li>\n<li data-section-id=\"1ysyyvm\" data-start=\"15639\" data-end=\"15670\">Akdeniz universitet \u2013 11,9 km<\/li>\n<li data-section-id=\"598hl1\" data-start=\"15671\" data-end=\"15701\">Konyaalt\u0131-stranden \u2013 13,4 km<\/li>\n<li data-section-id=\"cfqy4q\" data-start=\"15702\" data-end=\"15734\">Kalei\u00e7i (Gamla stan) \u2013 14,5 km<\/li>\n<li data-section-id=\"17ttu6d\" data-start=\"15735\" data-end=\"15764\">Antalya flygplats \u2013 20,6 km<\/li>\n<\/ul>\n<p data-start=\"15766\" data-end=\"15922\">L\u00e4get har \u00e4ven f\u00f6rdelen av n\u00e4rhet till natur- och fritidsm\u00e5l s\u00e5som Orfe Country Ridklubb, Termessos nationalpark, G\u00fcver Canyon, stadsparken och Antalya Zoo.<\/p>\n<p data-start=\"15924\" data-end=\"16114\"><strong data-start=\"15924\" data-end=\"16114\">Om du \u00e4r en stor familj och s\u00f6ker villans rymd och lyx, men inte vill ta p\u00e5 dig ansvaret f\u00f6r att underh\u00e5lla en villa, \u00e4r Terra Icon den perfekta m\u00f6tesplatsen mellan dessa tv\u00e5 livsstilar.<\/strong><\/p>\n<p data-start=\"16116\" data-end=\"16331\"><strong data-start=\"16116\" data-end=\"16331\">H\u00e4r k\u00f6per du inte bara en l\u00e4genhet p\u00e5 200 m\u00b2; du k\u00f6per ett exklusivt hem omgivet av D\u00f6\u015femealt\u0131s natur, d\u00e4r varje arkitektonisk detalj \u00e4r genomt\u00e4nkt och bostaden \u00e4r utformad med den stora familjens behov i fokus.<\/strong><\/p>\n<p data-start=\"16333\" data-end=\"16369\" data-is-last-node=\"\" data-is-only-node=\"\"><strong data-start=\"16333\" data-end=\"16347\">\u00dcm\u00fct Aslan<\/strong><br data-start=\"16347\" data-end=\"16350\" \/>Fastighetsr\u00e5dgivare<\/p>\n","protected":false},"excerpt":{"rendered":"<p>D\u00d6\u015eEMEALTI YE\u015e\u0130LBAYIR | TERRA ICON VILLALKOMFORT I KOMBINATION MED F\u00d6RDELARNA MED ETT MODERNT BOSTADSOMR\u00c5DE Terra Icon ligger i det exklusiva omr\u00e5det Ye\u015filbay\u0131r i D\u00f6\u015femealt\u0131, Antalya, som k\u00e4nnetecknas av m\u00e5nga villabebyggelser. Med sina gener\u00f6sa bostadsytor, unika arkitektoniska detaljer och omfattande gemensamma faciliteter erbjuder Terra Icon en exklusiv livsstil som skiljer sig fr\u00e5n traditionella bostadsprojekt. Det exklusiva [&hellip;]<\/p>\n","protected":false},"author":704,"featured_media":393580,"parent":0,"menu_order":0,"template":"","property_type":[1712],"property_status":[3058],"property_feature":[6444,1004,1042,1490,1510,1390,1134,1054,1182,1150,1030,1190,1362,1506,1462,1000,1118,1438,2416,1318,1008,1012,1338,1354,1038,1330,1410,1178,1455,1090,4211,1456,4212,1334,4210,1194,1114,1498,1074,1470,1386,1024,1206,1434,1406,1050,1170,2400,1514,1094,1066,1482,1474,1020,1198,1058,1414,6501,6445,1743,1166],"property_label":[2404],"property_country":[971],"property_state":[2401],"property_city":[4166],"property_area":[],"class_list":["post-394657","property","type-property","status-publish","has-post-thumbnail","hentry","property_type-lagenhet","property_status-satilik-sv","property_feature-asansor","property_feature-avlopp","property_feature-balkong","property_feature-brandstege","property_feature-dubbelglasyr","property_feature-duschkabin","property_feature-elektrisk","property_feature-fitness-gym-sv","property_feature-generator-sv","property_feature-handikappvanlig","property_feature-hiss","property_feature-i-komplex","property_feature-inbyggt","property_feature-internet-sv","property_feature-keramiskt-golv","property_feature-kraftledning","property_feature-lekplats","property_feature-luftkonditionering","property_feature-zemin-etutlu-sv","property_feature-med-naturutsikt","property_feature-med-paket","property_feature-med-projekt-licensierad","property_feature-med-skogsutsikt","property_feature-med-stadsutsikt","property_feature-med-tradgard","property_feature-med-utsikt-oppen-framsida","property_feature-omkladningsrum","property_feature-overvakningskamera","property_feature-parkett-laminat","property_feature-persienner-solskydd","property_feature-security-sv","property_feature-satin-gips","property_feature-swimming-pool-sv","property_feature-skog","property_feature-pool-sv","property_feature-spa-turkiskt-bad","property_feature-staket-vagg","property_feature-staldorr","property_feature-stangd-parkeringsplats","property_feature-stralkastare","property_feature-tapet","property_feature-telefonlinje","property_feature-tennisbana","property_feature-tradbundet-internet","property_feature-ugn","property_feature-utomhusbelysning","property_feature-utomhuspool","property_feature-acik-yuzme-havuzu-dis-ozellikler-sv","property_feature-vag-tillganglig","property_feature-vaktmastare","property_feature-varmeisolering","property_feature-varmvattenberedare-sv","property_feature-varmvattenberedare","property_feature-vattenlinje","property_feature-vattenreningssystem","property_feature-video-intercom-sv","property_feature-walk-in-closet-sv","property_feature-windows-covering","property_feature-yerden-isitma","property_feature-zonindelad","property_feature--sv","property_label-mojlighet","property_country-turkiye-sv","property_state-antalya-sv","property_city-dosemealti-sv"],"property_meta":{"_wp_page_template":["default"],"fave_property_bathrooms":["4"],"fave_property_bedrooms":["4"],"fave_property_rooms":["5"],"fave_property_size":["180"],"fave_property_size_prefix":["m\u00b2"],"fave_property_land":["200"],"fave_property_land_postfix":["m\u00b2"],"fave_property_garage":["2"],"fave_property_garage_size":["3000"],"fave_property_year":["2024"],"fave_property_price":["19950000"],"fave_show_price_placeholder":["1"],"fave_currency":["TRY"],"fave_property_zip":["07190"],"fave_property_map_address":["Ye\u015filbay\u0131r, D\u00f6\u015femealt\u0131\/Antalya, T\u00fcrkiye"],"fave_property_address":["Ye\u015filbay\u0131r, D\u00f6\u015femealt\u0131\/Antalya, T\u00fcrkiye"],"fave_property_location":["36.9859594045,30.59759704247,14"],"fave_property_map":["1"],"fave_property_map_street_view":["hide"],"fave_property_id":["393936"],"_wpml_word_count":["679"],"_houzez_expiration_date_status":["saved"],"_wpml_media_duplicate":["1"],"_wpml_media_featured":["1"],"_thumbnail_id":["393580"],"houzez_total_property_views":["146"],"houzez_views_by_date":["a:17:{s:10:\"08-21-2026\";i:8;s:10:\"08-22-2026\";i:7;s:10:\"08-23-2026\";i:6;s:10:\"08-24-2026\";i:9;s:10:\"08-25-2026\";i:7;s:10:\"08-26-2026\";i:11;s:10:\"08-27-2026\";i:11;s:10:\"08-28-2026\";i:9;s:10:\"08-29-2026\";i:8;s:10:\"08-30-2026\";i:8;s:10:\"08-31-2026\";i:9;s:10:\"09-01-2026\";i:9;s:10:\"09-02-2026\";i:13;s:10:\"09-03-2026\";i:8;s:10:\"09-04-2026\";i:7;s:10:\"09-05-2026\";i:5;s:10:\"09-06-2026\";i:11;}"],"houzez_recently_viewed":["2026-09-06 21:56:12"],"_edit_lock":["1787318138:9881"],"_edit_last":["9881"],"houzez_manual_expire":["0"],"fave_featured":["0"],"houzez_featured_listing_date":[""],"houzez_geolocation_lat":["36.9859594045"],"houzez_geolocation_long":["30.59759704247"],"fave_property_images":["393576","393581","393586","393591","393596","393601","393606","393611","393616","393621","393626","393631","393636","393641","393646","393651","393656","393661","393666","393671","393676","393681","393686","393691","393696","393701","393706","393711","393716","393721","393726","393731","393736","393741","393746","393751","393756","393761","393766","393771","393776","393781","393786","393791","393796","393801","393806","393811","393816","393821","393826","393831","393836","393841","393846","393851","393856","393861","393866","393871","393876","393881","393886","393891","393896","393901","393906","393911","393916","393921"],"fave_agent_display_option":["agent_info"],"fave_agents":["312602"],"fave_single_top_area":["global"],"fave_single_content_area":["global"],"_last_translation_edit_mode":["native-editor"]},"_links":{"self":[{"href":"https:\/\/www.grandemlak.com\/sv\/wp-json\/wp\/v2\/properties\/394657","targetHints":{"allow":["GET"]}}],"collection":[{"href":"https:\/\/www.grandemlak.com\/sv\/wp-json\/wp\/v2\/properties"}],"about":[{"href":"https:\/\/www.grandemlak.com\/sv\/wp-json\/wp\/v2\/types\/property"}],"author":[{"embeddable":true,"href":"https:\/\/www.grandemlak.com\/sv\/wp-json\/wp\/v2\/users\/704"}],"version-history":[{"count":1,"href":"https:\/\/www.grandemlak.com\/sv\/wp-json\/wp\/v2\/properties\/394657\/revisions"}],"predecessor-version":[{"id":394708,"href":"https:\/\/www.grandemlak.com\/sv\/wp-json\/wp\/v2\/properties\/394657\/revisions\/394708"}],"wp:featuredmedia":[{"embeddable":true,"href":"https:\/\/www.grandemlak.com\/sv\/wp-json\/wp\/v2\/media\/393580"}],"wp:attachment":[{"href":"https:\/\/www.grandemlak.com\/sv\/wp-json\/wp\/v2\/media?parent=394657"}],"wp:term":[{"taxonomy":"property_type","embeddable":true,"href":"https:\/\/www.grandemlak.com\/sv\/wp-json\/wp\/v2\/property_type?post=394657"},{"taxonomy":"property_status","embeddable":true,"href":"https:\/\/www.grandemlak.com\/sv\/wp-json\/wp\/v2\/property_status?post=394657"},{"taxonomy":"property_feature","embeddable":true,"href":"https:\/\/www.grandemlak.com\/sv\/wp-json\/wp\/v2\/property_feature?post=394657"},{"taxonomy":"property_label","embeddable":true,"href":"https:\/\/www.grandemlak.com\/sv\/wp-json\/wp\/v2\/property_label?post=394657"},{"taxonomy":"property_country","embeddable":true,"href":"https:\/\/www.grandemlak.com\/sv\/wp-json\/wp\/v2\/property_country?post=394657"},{"taxonomy":"property_state","embeddable":true,"href":"https:\/\/www.grandemlak.com\/sv\/wp-json\/wp\/v2\/property_state?post=394657"},{"taxonomy":"property_city","embeddable":true,"href":"https:\/\/www.grandemlak.com\/sv\/wp-json\/wp\/v2\/property_city?post=394657"},{"taxonomy":"property_area","embeddable":true,"href":"https:\/\/www.grandemlak.com\/sv\/wp-json\/wp\/v2\/property_area?post=394657"}],"curies":[{"name":"wp","href":"https:\/\/api.w.org\/{rel}","templated":true}]}}