{"id":394712,"date":"2026-08-17T11:37:23","date_gmt":"2026-08-17T08:37:23","guid":{"rendered":"https:\/\/www.grandemlak.com\/property\/kadriyede-esyali-isitmali-havuzlu-ve-saunali-mustakil-villa\/"},"modified":"2026-08-28T12:23:20","modified_gmt":"2026-08-28T09:23:20","slug":"kadriyede-esyali-isitmali-havuzlu-ve-saunali-mustakil-villa","status":"publish","type":"property","link":"https:\/\/www.grandemlak.com\/ru\/property\/kadriyede-esyali-isitmali-havuzlu-ve-saunali-mustakil-villa\/","title":{"rendered":"Kadriye\u2019de E\u015fyal\u0131, Is\u0131tmal\u0131 Havuzlu Ve Saunal\u0131 M\u00fcstakil Villa"},"content":{"rendered":"<p><strong>BELEK KADR\u0130YE\u2019DE<\/strong><br \/>\n<strong>550 M\u00b2 ARSA \u0130\u00c7ER\u0130S\u0130NDE<\/strong><br \/>\n<strong>ISITMALI HAVUZLU, SAUNALI VE TAM E\u015eYALI M\u00dcSTAK\u0130L V\u0130LLA<\/strong><\/p>\n<p>Antalya\u2019n\u0131n d\u00fcnyaca tan\u0131nan golf ve turizm merkezi Belek\u2013Kadriye b\u00f6lgesinde bulunan villam\u0131z; 550 m\u00b2 m\u00fcstakil arsa i\u00e7erisinde, \u00f6zel ya\u015fam ve d\u00f6rt mevsim konfor anlay\u0131\u015f\u0131yla tasarlanm\u0131\u015ft\u0131r.<\/p>\n<p>Net 220 m\u00b2, br\u00fct 250 m\u00b2 kullan\u0131m alan\u0131na sahip villa; mimarlar e\u015fli\u011finde, her ayr\u0131nt\u0131s\u0131 \u00f6zenle d\u00fc\u015f\u00fcn\u00fclerek haz\u0131rlanm\u0131\u015f ve t\u00fcm e\u015fyalar\u0131yla birlikte sat\u0131\u015fa sunulmu\u015ftur.<\/p>\n<p>Bu villa yaln\u0131zca bir konut de\u011fil; valizinizi al\u0131p gelebilece\u011finiz, ilk g\u00fcnden itibaren ya\u015famaya ba\u015flayabilece\u011finiz haz\u0131r bir yuva ve size ait \u00f6zel bir konfor alan\u0131d\u0131r.<\/p>\n<p><strong>G\u0130R\u0130\u015e KATI<\/strong><\/p>\n<p>Villan\u0131n giri\u015f kat\u0131nda;<\/p>\n<p>\u2022 Geni\u015f ve ferah salon<br \/>\n\u2022 Ayr\u0131, kullan\u0131\u015fl\u0131 mutfak<br \/>\n\u2022 Vestiyer alan\u0131<br \/>\n\u2022 Misafir WC<br \/>\n\u2022 Bah\u00e7e ve havuz verandas\u0131na do\u011frudan \u00e7\u0131k\u0131\u015f\u00a0bulunmaktad\u0131r.<\/p>\n<p>Hem salondan hem de mutfaktan bah\u00e7eye ve havuz ba\u015f\u0131ndaki verandaya ge\u00e7i\u015f sa\u011flanmaktad\u0131r. B\u00f6ylece evin i\u00e7 ya\u015fam\u0131yla bah\u00e7e, veranda ve havuz alan\u0131 aras\u0131nda kesintisiz ve son derece keyifli bir kullan\u0131m olu\u015fturulmu\u015ftur.<\/p>\n<p>Salonda kullan\u0131lan Zebrano mobilyalar, \u00f6zel duvar kaplamalar\u0131 ve tamamlay\u0131c\u0131 dekorasyon detaylar\u0131; mek\u00e2na kaliteli, g\u00fc\u00e7l\u00fc ve se\u00e7kin bir karakter kazand\u0131rmaktad\u0131r.<\/p>\n<p>Mutfakta ise modern tasar\u0131m ile vintage \u00e7izgiler dengeli bi\u00e7imde bir araya getirilmi\u015ftir. Estetik g\u00f6r\u00fcn\u00fcm\u00fcn yan\u0131nda g\u00fcnl\u00fck kullan\u0131m\u0131 kolayla\u015ft\u0131ran i\u015flevsel ve geni\u015f bir mutfak d\u00fczeni olu\u015fturulmu\u015ftur.<\/p>\n<p><strong>ISITMALI HAVUZ VE \u00d6ZEL VERANDA<\/strong><\/p>\n<p>Villan\u0131n en ayr\u0131cal\u0131kl\u0131 \u00f6zelliklerinden biri, k\u0131\u015f aylar\u0131nda da kullan\u0131labilmesi i\u00e7in \u0131s\u0131tmal\u0131 olarak tasarlanan \u00f6zel y\u00fczme havuzudur.<\/p>\n<p>Havuzun bir taraf\u0131 salon ve veranda alan\u0131yla b\u00fct\u00fcnle\u015firken di\u011fer taraf\u0131 \u00f6zel olarak tasarlanm\u0131\u015f k\u0131\u015f bah\u00e7esine uzanmaktad\u0131r. B\u00f6ylece havuz ve bah\u00e7e keyfi yaln\u0131zca yaz aylar\u0131yla s\u0131n\u0131rl\u0131 kalmamaktad\u0131r.<\/p>\n<p>Havuz ba\u015f\u0131ndaki geni\u015f veranda;<\/p>\n<p>\u2022 A\u00e7\u0131l\u0131r-kapan\u0131r g\u00f6lgelendirme sistemi<br \/>\n\u2022 Ak\u015fam kullan\u0131mlar\u0131 i\u00e7in \u00f6zel ayd\u0131nlatma<br \/>\n\u2022 Dinlenme ve yemek alanlar\u0131 olu\u015fturmaya uygun yerle\u015fim<br \/>\n\u2022 Salon ve mutfaktan do\u011frudan ula\u015f\u0131m<\/p>\n<p>\u00f6zelliklerine sahiptir.<\/p>\n<p>Veranda, g\u00fcnd\u00fczleri g\u00f6lgede dinlenebilece\u011finiz; ak\u015famlar\u0131 ise \u00f6zel \u0131\u015f\u0131kland\u0131rma alt\u0131nda aileniz ve misafirlerinizle uzun sofralar kurabilece\u011finiz \u015fekilde tasarlanm\u0131\u015ft\u0131r.<\/p>\n<p><strong>KI\u015e BAH\u00c7ES\u0130 VE SAUNA<\/strong><\/p>\n<p>Havuzun di\u011fer ucunda yer alan \u00f6zel b\u00f6l\u00fcml\u00fc k\u0131\u015f bah\u00e7esi, y\u0131l boyunca kullan\u0131labilecek sakin ve korunakl\u0131 bir ya\u015fam alan\u0131 sunmaktad\u0131r.<\/p>\n<p>K\u0131\u015f bah\u00e7esinin i\u00e7erisinde aktif olarak kullan\u0131labilen \u00f6zel sauna bulunmaktad\u0131r. Is\u0131tmal\u0131 havuz, k\u0131\u015f bah\u00e7esi ve saunan\u0131n birlikte konumland\u0131r\u0131lmas\u0131, villaya d\u00f6rt mevsim kullan\u0131labilecek \u00f6zel bir dinlenme ve SPA alan\u0131 kazand\u0131rmaktad\u0131r.<\/p>\n<p><strong>\u00d6ZEL PEYZAJLI BAH\u00c7E<\/strong><\/p>\n<p>Bah\u00e7enin tamam\u0131, kullan\u0131m ve bak\u0131m kolayl\u0131\u011f\u0131 sa\u011flamas\u0131 amac\u0131yla yapay \u00e7imle kaplanm\u0131\u015ft\u0131r. Zahmetsiz kullan\u0131m\u0131, olgunla\u015fm\u0131\u015f meyve a\u011fa\u00e7lar\u0131 ve \u00f6zenle olu\u015fturulmu\u015f peyzaj\u0131yla bah\u00e7enin her k\u00f6\u015fesinde farkl\u0131 bir ya\u015fam deneyimi sunulmaktad\u0131r.<\/p>\n<p>Bah\u00e7ede;<\/p>\n<p>\u2022 \u00d6zenle yeti\u015ftirilmi\u015f olgun meyve a\u011fa\u00e7lar\u0131<br \/>\n\u2022 Keyifli sal\u0131ncak ve dinlenme alan\u0131<br \/>\n\u2022 K\u00fc\u00e7\u00fck s\u00fcs havuzu<br \/>\n\u2022 Feng Shui esintili meditasyon k\u00f6\u015fesi<br \/>\n\u2022 Havuz ba\u015f\u0131 veranda ve oturma alanlar\u0131<br \/>\n\u2022 Kolay bak\u0131ml\u0131 yapay \u00e7im peyzaj<\/p>\n<p>bulunmaktad\u0131r.<\/p>\n<p>Bu \u00f6l\u00e7\u00fcde geli\u015fmi\u015f ve oturmu\u015f bir bah\u00e7eyi bug\u00fcn s\u0131f\u0131rdan olu\u015fturmak yaln\u0131zca y\u00fcksek bir b\u00fct\u00e7e de\u011fil, uzun bir zaman ve ciddi bir emek gerektirir. Villam\u0131zda ise b\u00fct\u00fcn bu ayr\u0131nt\u0131lar tamamlanm\u0131\u015f, bak\u0131mlar\u0131 yap\u0131lm\u0131\u015f ve kullan\u0131ma haz\u0131r durumdad\u0131r.<\/p>\n<p><strong>YATAK ODALARI<\/strong><\/p>\n<p>Villan\u0131n yatak odalar\u0131 kat\u0131nda \u00fc\u00e7 ayr\u0131 yatak odas\u0131 bulunmaktad\u0131r.<\/p>\n<p>Her oda, i\u00e7erisinde ya\u015fayacak ki\u015finin kendine ait \u00f6zel alan\u0131n\u0131 olu\u015fturabilmesi amac\u0131yla farkl\u0131 mobilyalar, duvar k\u00e2\u011f\u0131tlar\u0131 ve dekorasyon detaylar\u0131yla ki\u015fiselle\u015ftirilmi\u015ftir.<\/p>\n<p>Yatak odalar\u0131n\u0131n her birinde;<\/p>\n<p>\u2022 \u00d6zel gard\u0131rop<br \/>\n\u2022 Kendine ait banyo<br \/>\n\u2022 Klima<br \/>\n\u2022 \u00d6zenle se\u00e7ilmi\u015f mobilya ve dekorasyon<\/p>\n<p>bulunmaktad\u0131r.<\/p>\n<p><strong>MASTER YATAK ODASI<\/strong><\/p>\n<p>Villan\u0131n en \u00fcst kat\u0131 tamamen master yatak odas\u0131na ayr\u0131lm\u0131\u015ft\u0131r.<\/p>\n<p>Bu \u00f6zel katta;<\/p>\n<p>\u2022 Geni\u015f master yatak odas\u0131<br \/>\n\u2022 \u0130ki ayr\u0131 balkon\/teras<br \/>\n\u2022 \u00d6zel ebeveyn banyosu<br \/>\n\u2022 Jakuzi<br \/>\n\u2022 Gard\u0131rop ve depolama alanlar\u0131<br \/>\n\u2022 Klima<\/p>\n<p>bulunmaktad\u0131r.<\/p>\n<p>\u0130ki ayr\u0131 teras alan\u0131, master yatak odas\u0131na ferahl\u0131k ve mahremiyet kazand\u0131r\u0131rken; jakuzi ve ebeveyn banyosu kat\u0131 \u00f6zel bir dinlenme alan\u0131na d\u00f6n\u00fc\u015ft\u00fcrmektedir.<\/p>\n<p><strong>ARA\u00c7 PARK ALANI VE G\u00dcVENL\u0130K<\/strong><\/p>\n<p>Villa i\u00e7erisinde \u00f6zel olarak tasarlanm\u0131\u015f yar\u0131 a\u00e7\u0131k ara\u00e7 garaj\u0131 bulunmaktad\u0131r. Ara\u00e7 park alan\u0131, hem g\u00fcnl\u00fck kullan\u0131m\u0131 kolayla\u015ft\u0131racak hem de arac\u0131 g\u00fcne\u015f ve d\u0131\u015f hava ko\u015fullar\u0131ndan koruyacak bi\u00e7imde d\u00fczenlenmi\u015ftir.<\/p>\n<p>Villan\u0131n \u00e7evresinde g\u00fcvenlik kamera sistemi mevcut olup aktif olarak kullan\u0131labilir durumdad\u0131r.<\/p>\n<p><strong>V\u0130LLANIN \u00d6NE \u00c7IKAN \u00d6ZELL\u0130KLER\u0130<\/strong><\/p>\n<p>\u2022 550 m\u00b2 m\u00fcstakil arsa<br \/>\n\u2022 Net 220 m\u00b2, br\u00fct 250 m\u00b2 kullan\u0131m alan\u0131<br \/>\n\u2022 Geni\u015f salon ve ayr\u0131 mutfak<br \/>\n\u2022 Toplam 4 \u00f6zel yatak odas\u0131<br \/>\n\u2022 Yatak odalar\u0131na ait \u00f6zel banyolar<br \/>\n\u2022 \u0130ki terasl\u0131 master yatak odas\u0131<br \/>\n\u2022 Ebeveyn banyosu ve jakuzi<br \/>\n\u2022 D\u00f6rt mevsim kullan\u0131labilen \u0131s\u0131tmal\u0131 havuz<br \/>\n\u2022 A\u00e7\u0131l\u0131r-kapan\u0131r g\u00f6lgelendirmeli havuz verandas\u0131<br \/>\n\u2022 \u00d6zel veranda ayd\u0131nlatmas\u0131<br \/>\n\u2022 K\u0131\u015f bah\u00e7esi<br \/>\n\u2022 Aktif sauna<br \/>\n\u2022 Olgun meyve a\u011fa\u00e7lar\u0131<br \/>\n\u2022 Yapay \u00e7imle d\u00fczenlenmi\u015f kolay bak\u0131ml\u0131 bah\u00e7e<br \/>\n\u2022 S\u00fcs havuzu ve meditasyon alan\u0131<br \/>\n\u2022 Yar\u0131 a\u00e7\u0131k \u00f6zel ara\u00e7 garaj\u0131<br \/>\n\u2022 T\u00fcm odalarda klima<br \/>\n\u2022 G\u00fcvenlik kamera sistemi<br \/>\n\u2022 \u00d6zel duvar kaplamalar\u0131 ve dekorasyon<br \/>\n\u2022 Mimari destekle haz\u0131rlanm\u0131\u015f i\u00e7 mek\u00e2nlar<br \/>\n\u2022 T\u00fcm mobilya ve e\u015fyalarla birlikte sat\u0131\u015f<\/p>\n<p><strong>KONUM VE \u00c7EVRE \u00d6ZELL\u0130KLER\u0130<\/strong><\/p>\n<p>Villa, turizmin ba\u015fkenti Antalya\u2019n\u0131n ve golf turizminin en \u00f6nemli merkezlerinden biri olan Belek\u2013Kadriye b\u00f6lgesinde bulunmaktad\u0131r.<\/p>\n<p>\u2022 Denize ku\u015f u\u00e7u\u015fu yakla\u015f\u0131k 2 km<br \/>\n\u2022 The Land of Legends\u2019a yakla\u015f\u0131k 2,5 km<br \/>\n\u2022 Antalya Havaliman\u0131\u2019na yakla\u015f\u0131k 20 km<br \/>\n\u2022 Market ve g\u00fcnl\u00fck ihtiya\u00e7 noktalar\u0131na y\u00fcr\u00fcme mesafesi<br \/>\n\u2022 Spor tesislerine ve sosyal olanaklara yak\u0131n<br \/>\n\u2022 Belek ve Kadriye golf sahalar\u0131na kolay ula\u015f\u0131m<br \/>\n\u2022 Turistik ve sosyal ya\u015fam merkezlerine yak\u0131n konum<\/p>\n<p><strong>HEMEN YA\u015eAMAYA HAZIR<\/strong><\/p>\n<p>Bu villada yaln\u0131zca metrekare veya oda say\u0131s\u0131 sat\u0131n alm\u0131yorsunuz.<\/p>\n<p>Is\u0131tmal\u0131 havuzuyla k\u0131\u015f\u0131n da devam eden bir ya\u015fam\u0131, saunay\u0131, k\u0131\u015f bah\u00e7esini, olgunla\u015fm\u0131\u015f meyve a\u011fa\u00e7lar\u0131n\u0131, \u00f6zenle haz\u0131rlanm\u0131\u015f peyzaj\u0131, ki\u015fiselle\u015ftirilmi\u015f odalar\u0131 ve y\u0131llar i\u00e7inde bir araya getirilmi\u015f b\u00fct\u00fcn detaylar\u0131 sat\u0131n al\u0131yorsunuz.<\/p>\n<p>Mobilyalar\u0131 ve e\u015fyalar\u0131yla birlikte sat\u0131\u015fa sunulan villam\u0131z, herhangi bir tadilat veya dekorasyon s\u00fcrecine ihtiya\u00e7 duymadan ya\u015famaya haz\u0131rd\u0131r.<\/p>\n<p>Valizinizi al\u0131p gelebilece\u011finiz; huzuru, mahremiyeti ve konforu bir arada ya\u015fayabilece\u011finiz \u00f6zel bir ev ar\u0131yorsan\u0131z, detayl\u0131 bilgi ve yerinde sunum i\u00e7in bizimle ileti\u015fime ge\u00e7ebilirsiniz.<\/p>\n","protected":false},"excerpt":{"rendered":"<p>BELEK KADR\u0130YE\u2019DE 550 M\u00b2 ARSA \u0130\u00c7ER\u0130S\u0130NDE ISITMALI HAVUZLU, SAUNALI VE TAM E\u015eYALI M\u00dcSTAK\u0130L V\u0130LLA Antalya\u2019n\u0131n d\u00fcnyaca tan\u0131nan golf ve turizm merkezi Belek\u2013Kadriye b\u00f6lgesinde bulunan villam\u0131z; 550 m\u00b2 m\u00fcstakil arsa i\u00e7erisinde, \u00f6zel ya\u015fam ve d\u00f6rt mevsim konfor anlay\u0131\u015f\u0131yla tasarlanm\u0131\u015ft\u0131r. Net 220 m\u00b2, br\u00fct 250 m\u00b2 kullan\u0131m alan\u0131na sahip villa; mimarlar e\u015fli\u011finde, her ayr\u0131nt\u0131s\u0131 \u00f6zenle d\u00fc\u015f\u00fcn\u00fclerek haz\u0131rlanm\u0131\u015f [&hellip;]<\/p>\n","protected":false},"author":704,"featured_media":394117,"parent":0,"menu_order":0,"template":"","property_type":[979],"property_status":[3055],"property_feature":[1041,4270,1045,1425,1105,1019,1393,1361,1409,1509,1429,1389,1513,1007,1011,1089,1113,1505,1003,1449,1445,1049,1385,1245,1033,1752,1169,981,1405,1397,1373,1741,1349,1341,1353,1329,1037,1197,1097,1193,1497,1493,1477,1023,1101,1377,999,1133],"property_label":[985],"property_country":[972],"property_state":[2318],"property_city":[2879],"property_area":[5234],"class_list":["post-394712","property","type-property","status-publish","has-post-thumbnail","hentry","property_type-979","property_status-satilik-ru-2","property_feature-1041","property_feature-barbeque-ru","property_feature-1045","property_feature-1425","property_feature-veranda-teras-ru","property_feature-su-hatti-ru","property_feature-1393","property_feature-1361","property_feature-1409","property_feature-isicam-ru","property_feature-1429","property_feature-1389","property_feature-yolu-acilmis-ru","property_feature-parselli-ru","property_feature-projeli-ruhsatli-ru","property_feature-1089","property_feature-cit-duvar-ru","property_feature-1505","property_feature-kanalizasyon-ru","property_feature-1449","property_feature-1445","property_feature-1049","property_feature-1385","property_feature-genel-ru","property_feature-1033","property_feature-acik-yuzme-havuzu-dis-ozellikler-ru","property_feature-1169","property_feature-parke-laminant-ru","property_feature-1405","property_feature-1397","property_feature-1373","property_feature-imarli-ru-2","property_feature-yola-yakin-ru","property_feature-toplu-ulasima-yakin-ru","property_feature-sehir-manzarali-ru","property_feature-manzarali-onu-acik-ru-2","property_feature-1037","property_feature-su-aritma-sistemi-ru","property_feature-1097","property_feature-1193","property_feature-1497","property_feature-1493","property_feature-1477","property_feature-telefon-hatti-ru","property_feature-1101","property_feature-1377","property_feature-elektrik-hatti-ru","property_feature-elektrik-ru","property_label-985","property_country-turkiye-ru","property_state-antalya-ru","property_city-serik-ru","property_area-kadriye-mah-ru"],"property_meta":{"_wp_page_template":["default"],"_icl_lang_duplicate_of":["394284"],"_thumbnail_id":["394117"],"houzez_total_property_views":["119"],"houzez_views_by_date":["a:16:{s:10:\"08-21-2026\";i:7;s:10:\"08-22-2026\";i:8;s:10:\"08-23-2026\";i:9;s:10:\"08-24-2026\";i:5;s:10:\"08-25-2026\";i:8;s:10:\"08-26-2026\";i:8;s:10:\"08-27-2026\";i:15;s:10:\"08-28-2026\";i:8;s:10:\"08-29-2026\";i:9;s:10:\"08-30-2026\";i:6;s:10:\"08-31-2026\";i:3;s:10:\"09-01-2026\";i:9;s:10:\"09-02-2026\";i:7;s:10:\"09-03-2026\";i:10;s:10:\"09-04-2026\";i:4;s:10:\"09-05-2026\";i:3;}"],"houzez_recently_viewed":["2026-09-05 09:51:35"],"houzez_featured_listing_date":["2026-08-28 12:23:13"],"houzez_geolocation_lat":["36.871909577546"],"houzez_geolocation_long":["31.032831109122"],"houzez_manual_expire":["0"],"fave_property_rooms":["4"],"fave_property_size":["220"],"fave_property_size_prefix":["m\u00b2"],"fave_property_land":["250"],"fave_property_land_postfix":["m\u00b2"],"fave_property_garage":["1"],"fave_property_garage_size":["30"],"fave_property_year":["2020"],"fave_property_price":["25000000"],"fave_show_price_placeholder":["1"],"fave_currency":["TRY"],"fave_featured":["1"],"fave_property_map_address":["Kadriye, Serik\/Antalya, T\u00fcrkiye"],"fave_property_location":["36.871909577546,31.032831109122,17"],"fave_property_map":["1"],"fave_property_map_street_view":["hide"],"fave_property_id":["394284"],"fave_agent_display_option":["agent_info"],"_wpml_word_count":["1217"],"fave_agents":["312602"],"fave_single_top_area":["global"],"fave_single_content_area":["global"],"_houzez_expiration_date_status":["saved"],"_wpml_media_duplicate":["1"],"_wpml_media_featured":["1"],"fave_property_images":["394114","394064","394069","394074","394149","394059","394144","394154","394094","394084","394089","394079","394099","394104","394124","394129","394134","394139","394159","394164","394209","394219","394234","394224","394214","394239","394229","394264","394254","394244","394249","394259","393949","393954","393959","393964","393969","393974","393979","393984","393989","393994","393999","394004","394009","394014","394019","394024","394029","394034","394039","394044","394049","394054","394109","394119","394169","394174","394179","394184","394189","394194","394199","394204","394269","394274","394279"]},"_links":{"self":[{"href":"https:\/\/www.grandemlak.com\/ru\/wp-json\/wp\/v2\/properties\/394712","targetHints":{"allow":["GET"]}}],"collection":[{"href":"https:\/\/www.grandemlak.com\/ru\/wp-json\/wp\/v2\/properties"}],"about":[{"href":"https:\/\/www.grandemlak.com\/ru\/wp-json\/wp\/v2\/types\/property"}],"author":[{"embeddable":true,"href":"https:\/\/www.grandemlak.com\/ru\/wp-json\/wp\/v2\/users\/704"}],"version-history":[{"count":1,"href":"https:\/\/www.grandemlak.com\/ru\/wp-json\/wp\/v2\/properties\/394712\/revisions"}],"predecessor-version":[{"id":395457,"href":"https:\/\/www.grandemlak.com\/ru\/wp-json\/wp\/v2\/properties\/394712\/revisions\/395457"}],"wp:featuredmedia":[{"embeddable":true,"href":"https:\/\/www.grandemlak.com\/ru\/wp-json\/wp\/v2\/media\/394117"}],"wp:attachment":[{"href":"https:\/\/www.grandemlak.com\/ru\/wp-json\/wp\/v2\/media?parent=394712"}],"wp:term":[{"taxonomy":"property_type","embeddable":true,"href":"https:\/\/www.grandemlak.com\/ru\/wp-json\/wp\/v2\/property_type?post=394712"},{"taxonomy":"property_status","embeddable":true,"href":"https:\/\/www.grandemlak.com\/ru\/wp-json\/wp\/v2\/property_status?post=394712"},{"taxonomy":"property_feature","embeddable":true,"href":"https:\/\/www.grandemlak.com\/ru\/wp-json\/wp\/v2\/property_feature?post=394712"},{"taxonomy":"property_label","embeddable":true,"href":"https:\/\/www.grandemlak.com\/ru\/wp-json\/wp\/v2\/property_label?post=394712"},{"taxonomy":"property_country","embeddable":true,"href":"https:\/\/www.grandemlak.com\/ru\/wp-json\/wp\/v2\/property_country?post=394712"},{"taxonomy":"property_state","embeddable":true,"href":"https:\/\/www.grandemlak.com\/ru\/wp-json\/wp\/v2\/property_state?post=394712"},{"taxonomy":"property_city","embeddable":true,"href":"https:\/\/www.grandemlak.com\/ru\/wp-json\/wp\/v2\/property_city?post=394712"},{"taxonomy":"property_area","embeddable":true,"href":"https:\/\/www.grandemlak.com\/ru\/wp-json\/wp\/v2\/property_area?post=394712"}],"curies":[{"name":"wp","href":"https:\/\/api.w.org\/{rel}","templated":true}]}}